{"id":3602,"date":"2018-11-13T10:57:45","date_gmt":"2018-11-13T09:57:45","guid":{"rendered":"https:\/\/www.legrandhoteltours.com\/location-de-salle\/"},"modified":"2024-11-06T10:07:37","modified_gmt":"2024-11-06T09:07:37","slug":"saele-in-tours","status":"publish","type":"page","link":"https:\/\/www.legrandhoteltours.com\/de\/saele-in-tours\/","title":{"rendered":"S\u00e4le in Tours"},"content":{"rendered":"<div class=\"texteRub\">\n<p>F\u00fcr Ihre Veranstaltungen bietet Ihnen das Grand H\u00f4tel de Tours verschiedene S\u00e4le\u00a0zur Miete an, f\u00fcr halbt\u00e4gige oder ganzt\u00e4gige Meetings, Workshops, Schulungen, gesch\u00e4ftliche Termine, als Show Room, f\u00fcr Produkteinf\u00fchrungen, Pr\u00e4sentationen, Konferenzen, Tagungen, Cocktails&#8230;In idealer Lage zwischen dem Bahnhof und dem Kongresszentrum \u201eVinci\u201c in Tours verf\u00fcgt das Hotel \u00fcber 5\u00a0klimatisierte S\u00e4le\u00a0mit Tageslicht, die gemietet werden k\u00f6nnen. Die S\u00e4le sind wie folgt ausgestattet: WLAN-Anschluss, Bildschirm, Paperboard, Schreibmaterial, Tafelwasser.\u00a0Spezielles Material stellen wir Ihnen gerne auf Anfrage zur Verf\u00fcgung (Videoprojektor, Lautsprecheranlage, K\u00fchlschrank, Spiegel, Wandschirme\u2026)<br \/>\nWir bieten Ihnen unseren Restaurantservice mit einer Auswahl verschiedener Men\u00fcs, Buffets, Flying Buffets und Cocktails und passen uns selbstverst\u00e4ndlich an die Zeiten und organisatorischen Rahmenbedingungen Ihrer Events an.<br \/>\nPers\u00f6nlicher Kostenvoranschlag auf Anfrage<br \/>\nF\u00fcr weitere Informationen nehmen Sie bitte telefonisch unter +33 (0)2.47.05.35.31 Kontakt mit uns auf.<\/p>\n<\/div>\n","protected":false},"excerpt":{"rendered":"<p>F\u00fcr Ihre Veranstaltungen bietet Ihnen das Grand H\u00f4tel de Tours verschiedene S\u00e4le\u00a0zur Miete an, f\u00fcr halbt\u00e4gige oder ganzt\u00e4gige Meetings, Workshops, Schulungen, gesch\u00e4ftliche Termine, als Show Room, f\u00fcr Produkteinf\u00fchrungen, Pr\u00e4sentationen, Konferenzen, Tagungen, Cocktails&#8230;In idealer Lage zwischen dem Bahnhof und dem Kongresszentrum \u201eVinci\u201c in Tours verf\u00fcgt das Hotel \u00fcber 5\u00a0klimatisierte S\u00e4le\u00a0mit Tageslicht, die gemietet werden k\u00f6nnen. Die [&hellip;]<\/p>\n","protected":false},"author":5,"featured_media":0,"parent":0,"menu_order":0,"comment_status":"closed","ping_status":"closed","template":"","meta":{"footnotes":""},"class_list":["post-3602","page","type-page","status-publish","hentry"],"_links":{"self":[{"href":"https:\/\/www.legrandhoteltours.com\/de\/wp-json\/wp\/v2\/pages\/3602","targetHints":{"allow":["GET"]}}],"collection":[{"href":"https:\/\/www.legrandhoteltours.com\/de\/wp-json\/wp\/v2\/pages"}],"about":[{"href":"https:\/\/www.legrandhoteltours.com\/de\/wp-json\/wp\/v2\/types\/page"}],"author":[{"embeddable":true,"href":"https:\/\/www.legrandhoteltours.com\/de\/wp-json\/wp\/v2\/users\/5"}],"replies":[{"embeddable":true,"href":"https:\/\/www.legrandhoteltours.com\/de\/wp-json\/wp\/v2\/comments?post=3602"}],"version-history":[{"count":2,"href":"https:\/\/www.legrandhoteltours.com\/de\/wp-json\/wp\/v2\/pages\/3602\/revisions"}],"predecessor-version":[{"id":3605,"href":"https:\/\/www.legrandhoteltours.com\/de\/wp-json\/wp\/v2\/pages\/3602\/revisions\/3605"}],"wp:attachment":[{"href":"https:\/\/www.legrandhoteltours.com\/de\/wp-json\/wp\/v2\/media?parent=3602"}],"curies":[{"name":"wp","href":"https:\/\/api.w.org\/{rel}","templated":true}]}}